{"id":1469,"date":"2026-03-04T10:11:57","date_gmt":"2026-03-04T09:11:57","guid":{"rendered":"https:\/\/www.ivanrota.it\/cms\/?page_id=1469"},"modified":"2026-03-25T15:19:33","modified_gmt":"2026-03-25T14:19:33","slug":"chi-sono","status":"publish","type":"page","link":"https:\/\/www.ivanrota.it\/cms\/chi-sono\/","title":{"rendered":"Chi sono"},"content":{"rendered":"\t\t<div data-elementor-type=\"wp-page\" data-elementor-id=\"1469\" class=\"elementor elementor-1469\">\n\t\t\t\t<div class=\"elementor-element elementor-element-f636fb5 e-flex e-con-boxed e-con e-parent\" data-id=\"f636fb5\" data-element_type=\"container\" data-e-type=\"container\" data-settings=\"{&quot;jet_parallax_layout_list&quot;:[{&quot;jet_parallax_layout_image&quot;:{&quot;url&quot;:&quot;&quot;,&quot;id&quot;:&quot;&quot;,&quot;size&quot;:&quot;&quot;},&quot;_id&quot;:&quot;104c574&quot;,&quot;jet_parallax_layout_speed&quot;:{&quot;unit&quot;:&quot;%&quot;,&quot;size&quot;:&quot;50&quot;,&quot;sizes&quot;:[]},&quot;jet_parallax_layout_bg_x&quot;:&quot;50&quot;,&quot;jet_parallax_layout_bg_y&quot;:&quot;50&quot;,&quot;jet_parallax_layout_image_tablet&quot;:{&quot;url&quot;:&quot;&quot;,&quot;id&quot;:&quot;&quot;,&quot;size&quot;:&quot;&quot;},&quot;jet_parallax_layout_image_mobile&quot;:{&quot;url&quot;:&quot;&quot;,&quot;id&quot;:&quot;&quot;,&quot;size&quot;:&quot;&quot;},&quot;jet_parallax_layout_type&quot;:&quot;scroll&quot;,&quot;jet_parallax_layout_direction&quot;:&quot;1&quot;,&quot;jet_parallax_layout_fx_direction&quot;:null,&quot;jet_parallax_layout_z_index&quot;:&quot;&quot;,&quot;jet_parallax_layout_bg_x_tablet&quot;:&quot;&quot;,&quot;jet_parallax_layout_bg_x_mobile&quot;:&quot;&quot;,&quot;jet_parallax_layout_bg_y_tablet&quot;:&quot;&quot;,&quot;jet_parallax_layout_bg_y_mobile&quot;:&quot;&quot;,&quot;jet_parallax_layout_bg_size&quot;:&quot;auto&quot;,&quot;jet_parallax_layout_bg_size_tablet&quot;:&quot;&quot;,&quot;jet_parallax_layout_bg_size_mobile&quot;:&quot;&quot;,&quot;jet_parallax_layout_animation_prop&quot;:&quot;transform&quot;,&quot;jet_parallax_layout_on&quot;:[&quot;desktop&quot;,&quot;tablet&quot;]}],&quot;background_background&quot;:&quot;classic&quot;}\">\n\t\t\t\t\t<div class=\"e-con-inner\">\n\t\t<div class=\"elementor-element elementor-element-8ec2899 e-con-full e-flex elementor-invisible e-con e-child\" data-id=\"8ec2899\" data-element_type=\"container\" data-e-type=\"container\" data-settings=\"{&quot;raven_motion_effects_mouse&quot;:&quot;yes&quot;,&quot;animation&quot;:&quot;slideInRight&quot;,&quot;jet_parallax_layout_list&quot;:[]}\">\n\t\t<div class=\"elementor-element elementor-element-4624829 e-con-full e-flex e-con e-child\" data-id=\"4624829\" data-element_type=\"container\" data-e-type=\"container\" data-settings=\"{&quot;position&quot;:&quot;absolute&quot;,&quot;jet_parallax_layout_list&quot;:[]}\">\n\t\t\t\t<div class=\"elementor-element elementor-element-6cbc437 elementor-widget elementor-widget-heading\" data-id=\"6cbc437\" data-element_type=\"widget\" data-e-type=\"widget\" data-widget_type=\"heading.default\">\n\t\t\t\t<div class=\"elementor-widget-container\">\n\t\t\t\t\t<h1 class=\"elementor-heading-title elementor-size-default\">Chi sono<\/h1>\t\t\t\t<\/div>\n\t\t\t\t<\/div>\n\t\t\t\t<div class=\"elementor-element elementor-element-7e7c6a2 elementor-widget elementor-widget-text-editor\" data-id=\"7e7c6a2\" data-element_type=\"widget\" data-e-type=\"widget\" data-widget_type=\"text-editor.default\">\n\t\t\t\t<div class=\"elementor-widget-container\">\n\t\t\t\t\t\t\t\t\t<p>La mia carriera politica e professionale \u00e8 stata caratterizzata da un forte impegno e da una continua crescita. Fin dall&#8217;et\u00e0 di 15 anni, la mia passione per la politica si \u00e8 intrecciata con esperienze personali, sportive, lavorative e associative, che hanno contribuito a plasmare la mia visione e il mio impegno.<\/p>\t\t\t\t\t\t\t\t<\/div>\n\t\t\t\t<\/div>\n\t\t\t\t<\/div>\n\t\t\t\t<\/div>\n\t\t<div class=\"elementor-element elementor-element-3872151 e-con-full e-flex e-con e-child\" data-id=\"3872151\" data-element_type=\"container\" data-e-type=\"container\" data-settings=\"{&quot;jet_parallax_layout_list&quot;:[],&quot;background_background&quot;:&quot;classic&quot;}\">\n\t\t\t\t<div class=\"elementor-element elementor-element-348006d elementor-absolute elementor-widget elementor-widget-image\" data-id=\"348006d\" data-element_type=\"widget\" data-e-type=\"widget\" data-settings=\"{&quot;_position&quot;:&quot;absolute&quot;}\" data-widget_type=\"image.default\">\n\t\t\t\t<div class=\"elementor-widget-container\">\n\t\t\t\t\t\t\t\t\t\t\t\t\t\t\t<img fetchpriority=\"high\" decoding=\"async\" width=\"1024\" height=\"934\" src=\"https:\/\/www.ivanrota.it\/cms\/wp-content\/uploads\/2026\/02\/20251103_Ivan-Rota-2-e1770809205239-1024x934.png\" class=\"attachment-large size-large wp-image-966\" alt=\"\" srcset=\"https:\/\/www.ivanrota.it\/cms\/wp-content\/uploads\/2026\/02\/20251103_Ivan-Rota-2-e1770809205239-1024x934.png 1024w, https:\/\/www.ivanrota.it\/cms\/wp-content\/uploads\/2026\/02\/20251103_Ivan-Rota-2-e1770809205239-300x274.png 300w, https:\/\/www.ivanrota.it\/cms\/wp-content\/uploads\/2026\/02\/20251103_Ivan-Rota-2-e1770809205239-768x700.png 768w, https:\/\/www.ivanrota.it\/cms\/wp-content\/uploads\/2026\/02\/20251103_Ivan-Rota-2-e1770809205239-1536x1401.png 1536w, https:\/\/www.ivanrota.it\/cms\/wp-content\/uploads\/2026\/02\/20251103_Ivan-Rota-2-e1770809205239-610x556.png 610w, https:\/\/www.ivanrota.it\/cms\/wp-content\/uploads\/2026\/02\/20251103_Ivan-Rota-2-e1770809205239-1320x1204.png 1320w, https:\/\/www.ivanrota.it\/cms\/wp-content\/uploads\/2026\/02\/20251103_Ivan-Rota-2-e1770809205239.png 1667w\" sizes=\"(max-width: 1024px) 100vw, 1024px\" \/>\t\t\t\t\t\t\t\t\t\t\t\t\t\t\t<\/div>\n\t\t\t\t<\/div>\n\t\t\t\t<\/div>\n\t\t\t\t\t<\/div>\n\t\t\t\t<\/div>\n\t\t\t\t<section class=\"elementor-section elementor-top-section elementor-element elementor-element-af4fa79 elementor-section-height-min-height elementor-section-boxed elementor-section-height-default elementor-section-items-middle\" data-id=\"af4fa79\" data-element_type=\"section\" data-e-type=\"section\" id=\"esperienza\" data-settings=\"{&quot;background_background&quot;:&quot;classic&quot;,&quot;jet_parallax_layout_list&quot;:[]}\">\n\t\t\t\t\t\t<div class=\"elementor-container elementor-column-gap-default\">\n\t\t\t\t\t<div class=\"elementor-column elementor-col-100 elementor-top-column elementor-element elementor-element-311a5e6\" data-id=\"311a5e6\" data-element_type=\"column\" data-e-type=\"column\">\n\t\t\t<div class=\"elementor-widget-wrap elementor-element-populated\">\n\t\t\t\t\t\t<div class=\"elementor-element elementor-element-cc38972 elementor-widget elementor-widget-jet-timeline\" data-id=\"cc38972\" data-element_type=\"widget\" data-e-type=\"widget\" data-widget_type=\"jet-timeline.default\">\n\t\t\t\t<div class=\"elementor-widget-container\">\n\t\t\t\t\t<div class=\"elementor-jet-timeline jet-elements\"><div class=\"jet-timeline jet-timeline--align-center jet-timeline--align-middle\">\n\t<div class=\"jet-timeline__line\"><div class=\"jet-timeline__line-progress\"><\/div><\/div>\n\t<div class=\"jet-timeline-list\"><div class=\"jet-timeline-item jet-timeline-item--animated elementor-repeater-item-07a6b49 jet-timeline-item--image-inside\">\n\t<div class=\"timeline-item__card\">\n\t\t<div class=\"timeline-item__card-inner\">\n\t\t\t\t\t\t\t\t<div class=\"timeline-item__card-content\">\n\t\t\t\t\t<div class=\"timeline-item__meta\"><div class=\"timeline-item__meta-content\">Da Novembre 2023<\/div><\/div><div class=\"timeline-item__card-desc\"><p>Membro del Gruppo Consiliare Forza Italia - Regione Lombardia.<\/p><\/div>\t\t\t\t<\/div>\n\t\t\t\t\t\t<\/div>\n\t\t<div class=\"timeline-item__card-arrow\"><\/div>\n\t<\/div>\n\t<div class=\"timeline-item__point\"><\/div><div class=\"timeline-item__meta\"><div class=\"timeline-item__meta-content\">Da Novembre 2023<\/div><\/div><\/div><div class=\"jet-timeline-item jet-timeline-item--animated elementor-repeater-item-4e095db jet-timeline-item--image-inside\">\n\t<div class=\"timeline-item__card\">\n\t\t<div class=\"timeline-item__card-inner\">\n\t\t\t\t\t\t\t\t<div class=\"timeline-item__card-content\">\n\t\t\t\t\t<div class=\"timeline-item__meta\"><div class=\"timeline-item__meta-content\">Da Marzo 2023<\/div><\/div><div class=\"timeline-item__card-desc\"><p>Consigliere Regionale nella XII legislatura d Regione Lombardia eletto nella Lista Civica Letizia Moratti Presidente.<\/p><\/div>\t\t\t\t<\/div>\n\t\t\t\t\t\t<\/div>\n\t\t<div class=\"timeline-item__card-arrow\"><\/div>\n\t<\/div>\n\t<div class=\"timeline-item__point\"><\/div><div class=\"timeline-item__meta\"><div class=\"timeline-item__meta-content\">Da Marzo 2023<\/div><\/div><\/div><div class=\"jet-timeline-item jet-timeline-item--animated elementor-repeater-item-a19680c jet-timeline-item--image-inside\">\n\t<div class=\"timeline-item__card\">\n\t\t<div class=\"timeline-item__card-inner\">\n\t\t\t\t\t\t\t\t<div class=\"timeline-item__card-content\">\n\t\t\t\t\t<div class=\"timeline-item__meta\"><div class=\"timeline-item__meta-content\">Da Giugno 2018<\/div><\/div><div class=\"timeline-item__card-desc\"><p>Responsabile ufficio acquisti di CRS Impianti.<\/p><\/div>\t\t\t\t<\/div>\n\t\t\t\t\t\t<\/div>\n\t\t<div class=\"timeline-item__card-arrow\"><\/div>\n\t<\/div>\n\t<div class=\"timeline-item__point\"><\/div><div class=\"timeline-item__meta\"><div class=\"timeline-item__meta-content\">Da Giugno 2018<\/div><\/div><\/div><div class=\"jet-timeline-item jet-timeline-item--animated elementor-repeater-item-a91c362 jet-timeline-item--image-inside\">\n\t<div class=\"timeline-item__card\">\n\t\t<div class=\"timeline-item__card-inner\">\n\t\t\t\t\t\t\t\t<div class=\"timeline-item__card-content\">\n\t\t\t\t\t<div class=\"timeline-item__meta\"><div class=\"timeline-item__meta-content\">Luglio 2013 - Aprile 2018<\/div><\/div><div class=\"timeline-item__card-desc\"><p>Legale rappresentante di IDV e Componente dell'Ufficio di Segreteria Nazionale del partito.<\/p><\/div>\t\t\t\t<\/div>\n\t\t\t\t\t\t<\/div>\n\t\t<div class=\"timeline-item__card-arrow\"><\/div>\n\t<\/div>\n\t<div class=\"timeline-item__point\"><\/div><div class=\"timeline-item__meta\"><div class=\"timeline-item__meta-content\">Luglio 2013 - Aprile 2018<\/div><\/div><\/div><div class=\"jet-timeline-item jet-timeline-item--animated elementor-repeater-item-c948884 jet-timeline-item--image-inside\">\n\t<div class=\"timeline-item__card\">\n\t\t<div class=\"timeline-item__card-inner\">\n\t\t\t\t\t\t\t\t<div class=\"timeline-item__card-content\">\n\t\t\t\t\t<div class=\"timeline-item__meta\"><div class=\"timeline-item__meta-content\">Maggio 2008 - Luglio 2013<\/div><\/div><div class=\"timeline-item__card-desc\"><p>Responsabile dell\u2019organizzazione nazionale del partito Italia dei Valori; in tale veste ho coordinato circa 2.900 dirigenti, messo a punto un sistema informatico per gestire i vari livelli territoriali e comunicare con oltre 250.000 contatti, fidelizzati nella \u201cCommunity\u201d grazie a una piattaforma web appositamente realizzata per tenere un regolare scambio di comunicazioni e feedback.<\/p><\/div>\t\t\t\t<\/div>\n\t\t\t\t\t\t<\/div>\n\t\t<div class=\"timeline-item__card-arrow\"><\/div>\n\t<\/div>\n\t<div class=\"timeline-item__point\"><\/div><div class=\"timeline-item__meta\"><div class=\"timeline-item__meta-content\">Maggio 2008 - Luglio 2013<\/div><\/div><\/div><div class=\"jet-timeline-item jet-timeline-item--animated elementor-repeater-item-cb66a78 jet-timeline-item--image-inside\">\n\t<div class=\"timeline-item__card\">\n\t\t<div class=\"timeline-item__card-inner\">\n\t\t\t\t\t\t\t\t<div class=\"timeline-item__card-content\">\n\t\t\t\t\t<div class=\"timeline-item__meta\"><div class=\"timeline-item__meta-content\">Aprile 2008 - Marzo 2013<\/div><\/div><div class=\"timeline-item__card-desc\"><p>Deputato nella XVI legislatura e Membro della Commissione agricoltura della Camera dei deputati.<\/p><\/div>\t\t\t\t<\/div>\n\t\t\t\t\t\t<\/div>\n\t\t<div class=\"timeline-item__card-arrow\"><\/div>\n\t<\/div>\n\t<div class=\"timeline-item__point\"><\/div><div class=\"timeline-item__meta\"><div class=\"timeline-item__meta-content\">Aprile 2008 - Marzo 2013<\/div><\/div><\/div><div class=\"jet-timeline-item jet-timeline-item--animated elementor-repeater-item-9929295 jet-timeline-item--image-inside\">\n\t<div class=\"timeline-item__card\">\n\t\t<div class=\"timeline-item__card-inner\">\n\t\t\t\t\t\t\t\t<div class=\"timeline-item__card-content\">\n\t\t\t\t\t<div class=\"timeline-item__meta\"><div class=\"timeline-item__meta-content\">Marzo 2005 - Febbraio 2009<\/div><\/div><div class=\"timeline-item__card-desc\"><p>Presidente di Golfimpresa (consorzio italiano proprietari campi di golf che nel mio periodo di presidenza 2003-2008 contava 49 strutture in Italia e circa 25.000 tesserati).<\/p><\/div>\t\t\t\t<\/div>\n\t\t\t\t\t\t<\/div>\n\t\t<div class=\"timeline-item__card-arrow\"><\/div>\n\t<\/div>\n\t<div class=\"timeline-item__point\"><\/div><div class=\"timeline-item__meta\"><div class=\"timeline-item__meta-content\">Marzo 2005 - Febbraio 2009<\/div><\/div><\/div><div class=\"jet-timeline-item jet-timeline-item--animated elementor-repeater-item-4599aea jet-timeline-item--image-inside\">\n\t<div class=\"timeline-item__card\">\n\t\t<div class=\"timeline-item__card-inner\">\n\t\t\t\t\t\t\t\t<div class=\"timeline-item__card-content\">\n\t\t\t\t\t<div class=\"timeline-item__meta\"><div class=\"timeline-item__meta-content\">Febbraio 2002 - Dicembre 2013<\/div><\/div><div class=\"timeline-item__card-desc\"><p>Amministratore delegato GI Holding spa: societ\u00e0 nata per realizzare un innovativo progetto nell\u2019ambito del gioco del golf finalizzato a far conoscere il gioco del golf e avviare a questa disciplina nuovi golfisti. La struttura realizzata in quel di Mozzo (completa di palestra, piscina, centro benessere, club house, hotel) ha fatto \u201cassaggiare il golf\u201d a circa 5.000 persone e formato oltre 2.000 nuovi tesserati alla Federazione Italiana Golf ed \u00e8 conosciuta in tutta Italia e riconosciuta quale centro d\u2019eccellenza.<\/p><\/div>\t\t\t\t<\/div>\n\t\t\t\t\t\t<\/div>\n\t\t<div class=\"timeline-item__card-arrow\"><\/div>\n\t<\/div>\n\t<div class=\"timeline-item__point\"><\/div><div class=\"timeline-item__meta\"><div class=\"timeline-item__meta-content\">Febbraio 2002 - Dicembre 2013<\/div><\/div><\/div><div class=\"jet-timeline-item jet-timeline-item--animated elementor-repeater-item-075ef6e jet-timeline-item--image-inside\">\n\t<div class=\"timeline-item__card\">\n\t\t<div class=\"timeline-item__card-inner\">\n\t\t\t\t\t\t\t\t<div class=\"timeline-item__card-content\">\n\t\t\t\t\t<div class=\"timeline-item__meta\"><div class=\"timeline-item__meta-content\">Gennaio 1995 - Febbraio 2002<\/div><\/div><div class=\"timeline-item__card-desc\"><p>Responsabile commerciale presso Armonia srl di Barzana (BG) operante nel settore dell\u2019abbigliamento promozionale e, sempre per la stessa azienda, responsabile dell\u2019organizzazione di eventi golfistici (Lions Golf Trophy, Campionati italiani e mondiali).<\/p><\/div>\t\t\t\t<\/div>\n\t\t\t\t\t\t<\/div>\n\t\t<div class=\"timeline-item__card-arrow\"><\/div>\n\t<\/div>\n\t<div class=\"timeline-item__point\"><\/div><div class=\"timeline-item__meta\"><div class=\"timeline-item__meta-content\">Gennaio 1995 - Febbraio 2002<\/div><\/div><\/div><div class=\"jet-timeline-item jet-timeline-item--animated elementor-repeater-item-de60f1f jet-timeline-item--image-inside\">\n\t<div class=\"timeline-item__card\">\n\t\t<div class=\"timeline-item__card-inner\">\n\t\t\t\t\t\t\t\t<div class=\"timeline-item__card-content\">\n\t\t\t\t\t<div class=\"timeline-item__meta\"><div class=\"timeline-item__meta-content\">Gennaio 1990 - Novembre 1992<\/div><\/div><div class=\"timeline-item__card-desc\"><p>Consigliere e Assessore in Comune di Palazzago.<\/p><\/div>\t\t\t\t<\/div>\n\t\t\t\t\t\t<\/div>\n\t\t<div class=\"timeline-item__card-arrow\"><\/div>\n\t<\/div>\n\t<div class=\"timeline-item__point\"><\/div><div class=\"timeline-item__meta\"><div class=\"timeline-item__meta-content\">Gennaio 1990 - Novembre 1992<\/div><\/div><\/div><div class=\"jet-timeline-item jet-timeline-item--animated elementor-repeater-item-ba1511c jet-timeline-item--image-inside\">\n\t<div class=\"timeline-item__card\">\n\t\t<div class=\"timeline-item__card-inner\">\n\t\t\t\t\t\t\t\t<div class=\"timeline-item__card-content\">\n\t\t\t\t\t<div class=\"timeline-item__meta\"><div class=\"timeline-item__meta-content\">Ottobre 1984 - Dicembre 1994<\/div><\/div><div class=\"timeline-item__card-desc\"><p>Socio e amministratore della Emmepi Italiana srl di Ponte San Pietro (BG): azienda serigrafica con oltre 50 addetti, leader in Italia nel settore della serigrafia su tessuto per primaria clientela nazionale ed europea.<\/p><\/div>\t\t\t\t<\/div>\n\t\t\t\t\t\t<\/div>\n\t\t<div class=\"timeline-item__card-arrow\"><\/div>\n\t<\/div>\n\t<div class=\"timeline-item__point\"><\/div><div class=\"timeline-item__meta\"><div class=\"timeline-item__meta-content\">Ottobre 1984 - Dicembre 1994<\/div><\/div><\/div><div class=\"jet-timeline-item jet-timeline-item--animated elementor-repeater-item-69dd08a jet-timeline-item--image-inside\">\n\t<div class=\"timeline-item__card\">\n\t\t<div class=\"timeline-item__card-inner\">\n\t\t\t\t\t\t\t\t<div class=\"timeline-item__card-content\">\n\t\t\t\t\t<div class=\"timeline-item__meta\"><div class=\"timeline-item__meta-content\">Marzo 1981 - Febbraio 1985<\/div><\/div><div class=\"timeline-item__card-desc\"><p>Titolare dell\u2019agenzia pubblicitaria Pubblierre snc di Pontida (BG): grafica pubblicitaria e organizzazione della Mostra Mercato Artigianato e Piccola Industria Val San Martino.<\/p><\/div>\t\t\t\t<\/div>\n\t\t\t\t\t\t<\/div>\n\t\t<div class=\"timeline-item__card-arrow\"><\/div>\n\t<\/div>\n\t<div class=\"timeline-item__point\"><\/div><div class=\"timeline-item__meta\"><div class=\"timeline-item__meta-content\">Marzo 1981 - Febbraio 1985<\/div><\/div><\/div><div class=\"jet-timeline-item jet-timeline-item--animated elementor-repeater-item-caa13c6 jet-timeline-item--image-inside\">\n\t<div class=\"timeline-item__card\">\n\t\t<div class=\"timeline-item__card-inner\">\n\t\t\t\t\t\t\t\t<div class=\"timeline-item__card-content\">\n\t\t\t\t\t<div class=\"timeline-item__meta\"><div class=\"timeline-item__meta-content\">Dicembre 1980 - Aprile 1982<\/div><\/div><div class=\"timeline-item__card-desc\"><p>Agente di commercio per la vendita di spazi pubblicitari per Studio Giemme snc con sede in Bergamo: agenzia pubblicitaria editrice del mensile \u201cLa Provincia di Bergamo\u201d.<\/p><\/div>\t\t\t\t<\/div>\n\t\t\t\t\t\t<\/div>\n\t\t<div class=\"timeline-item__card-arrow\"><\/div>\n\t<\/div>\n\t<div class=\"timeline-item__point\"><\/div><div class=\"timeline-item__meta\"><div class=\"timeline-item__meta-content\">Dicembre 1980 - Aprile 1982<\/div><\/div><\/div><div class=\"jet-timeline-item jet-timeline-item--animated elementor-repeater-item-6b07c06 jet-timeline-item--image-inside\">\n\t<div class=\"timeline-item__card\">\n\t\t<div class=\"timeline-item__card-inner\">\n\t\t\t\t\t\t\t\t<div class=\"timeline-item__card-content\">\n\t\t\t\t\t<div class=\"timeline-item__meta\"><div class=\"timeline-item__meta-content\">Gennaio 1978 - Settembre 1985<\/div><\/div><div class=\"timeline-item__card-desc\"><p>Subagente dell\u2019agenzia di brokeraggio assicurativo Assiorobica con sede in Bergamo.<\/p><\/div>\t\t\t\t<\/div>\n\t\t\t\t\t\t<\/div>\n\t\t<div class=\"timeline-item__card-arrow\"><\/div>\n\t<\/div>\n\t<div class=\"timeline-item__point\"><\/div><div class=\"timeline-item__meta\"><div class=\"timeline-item__meta-content\">Gennaio 1978 - Settembre 1985<\/div><\/div><\/div><div class=\"jet-timeline-item jet-timeline-item--animated elementor-repeater-item-ac3cc99 jet-timeline-item--image-inside\">\n\t<div class=\"timeline-item__card\">\n\t\t<div class=\"timeline-item__card-inner\">\n\t\t\t\t\t\t\t\t<div class=\"timeline-item__card-content\">\n\t\t\t\t\t<div class=\"timeline-item__meta\"><div class=\"timeline-item__meta-content\">Fino a Gennaio 1978<\/div><\/div><div class=\"timeline-item__card-desc\"><p>Ho svolto diversi lavori nel periodo scolastico: tornitore, impiantista elettrico, imbianchino.<\/p><\/div>\t\t\t\t<\/div>\n\t\t\t\t\t\t<\/div>\n\t\t<div class=\"timeline-item__card-arrow\"><\/div>\n\t<\/div>\n\t<div class=\"timeline-item__point\"><\/div><div class=\"timeline-item__meta\"><div class=\"timeline-item__meta-content\">Fino a Gennaio 1978<\/div><\/div><\/div><\/div><\/div><\/div>\t\t\t\t<\/div>\n\t\t\t\t<\/div>\n\t\t\t\t\t<\/div>\n\t\t<\/div>\n\t\t\t\t\t<\/div>\n\t\t<\/section>\n\t\t\t\t<section class=\"elementor-section elementor-top-section elementor-element elementor-element-8cbfec9 elementor-section-boxed elementor-section-height-default elementor-section-height-default\" data-id=\"8cbfec9\" data-element_type=\"section\" data-e-type=\"section\" data-settings=\"{&quot;jet_parallax_layout_list&quot;:[{&quot;jet_parallax_layout_image&quot;:{&quot;url&quot;:&quot;&quot;,&quot;id&quot;:&quot;&quot;,&quot;size&quot;:&quot;&quot;},&quot;_id&quot;:&quot;371e13d&quot;,&quot;jet_parallax_layout_image_tablet&quot;:{&quot;url&quot;:&quot;&quot;,&quot;id&quot;:&quot;&quot;,&quot;size&quot;:&quot;&quot;},&quot;jet_parallax_layout_image_mobile&quot;:{&quot;url&quot;:&quot;&quot;,&quot;id&quot;:&quot;&quot;,&quot;size&quot;:&quot;&quot;},&quot;jet_parallax_layout_speed&quot;:{&quot;unit&quot;:&quot;%&quot;,&quot;size&quot;:50,&quot;sizes&quot;:[]},&quot;jet_parallax_layout_type&quot;:&quot;scroll&quot;,&quot;jet_parallax_layout_direction&quot;:&quot;1&quot;,&quot;jet_parallax_layout_fx_direction&quot;:null,&quot;jet_parallax_layout_z_index&quot;:&quot;&quot;,&quot;jet_parallax_layout_bg_x&quot;:50,&quot;jet_parallax_layout_bg_x_tablet&quot;:&quot;&quot;,&quot;jet_parallax_layout_bg_x_mobile&quot;:&quot;&quot;,&quot;jet_parallax_layout_bg_y&quot;:50,&quot;jet_parallax_layout_bg_y_tablet&quot;:&quot;&quot;,&quot;jet_parallax_layout_bg_y_mobile&quot;:&quot;&quot;,&quot;jet_parallax_layout_bg_size&quot;:&quot;auto&quot;,&quot;jet_parallax_layout_bg_size_tablet&quot;:&quot;&quot;,&quot;jet_parallax_layout_bg_size_mobile&quot;:&quot;&quot;,&quot;jet_parallax_layout_animation_prop&quot;:&quot;transform&quot;,&quot;jet_parallax_layout_on&quot;:[&quot;desktop&quot;,&quot;tablet&quot;]}],&quot;background_background&quot;:&quot;classic&quot;}\">\n\t\t\t\t\t\t<div class=\"elementor-container elementor-column-gap-no\">\n\t\t\t\t\t<div class=\"elementor-column elementor-col-50 elementor-top-column elementor-element elementor-element-9465ad4\" data-id=\"9465ad4\" data-element_type=\"column\" data-e-type=\"column\">\n\t\t\t<div class=\"elementor-widget-wrap elementor-element-populated\">\n\t\t\t\t\t\t<div class=\"elementor-element elementor-element-2989d04 elementor-invisible elementor-widget elementor-widget-heading\" data-id=\"2989d04\" data-element_type=\"widget\" data-e-type=\"widget\" data-settings=\"{&quot;_animation&quot;:&quot;zoomIn&quot;}\" data-widget_type=\"heading.default\">\n\t\t\t\t<div class=\"elementor-widget-container\">\n\t\t\t\t\t<h2 class=\"elementor-heading-title elementor-size-default\">Impegni associativi<\/h2>\t\t\t\t<\/div>\n\t\t\t\t<\/div>\n\t\t<div class=\"elementor-element elementor-element-d69a631 e-con-full e-flex e-con e-parent\" data-id=\"d69a631\" data-element_type=\"container\" data-e-type=\"container\" data-settings=\"{&quot;jet_parallax_layout_list&quot;:[]}\">\n\t\t<div class=\"elementor-element elementor-element-d363891 e-con-full e-flex e-con e-child\" data-id=\"d363891\" data-element_type=\"container\" data-e-type=\"container\" data-settings=\"{&quot;background_background&quot;:&quot;classic&quot;,&quot;jet_parallax_layout_list&quot;:[]}\">\n\t\t\t\t<\/div>\n\t\t<div class=\"elementor-element elementor-element-b7c7a27 e-con-full e-flex e-con e-child\" data-id=\"b7c7a27\" data-element_type=\"container\" data-e-type=\"container\" data-settings=\"{&quot;background_background&quot;:&quot;classic&quot;,&quot;jet_parallax_layout_list&quot;:[]}\">\n\t\t\t\t<\/div>\n\t\t<div class=\"elementor-element elementor-element-8b739f9 e-con-full e-flex e-con e-child\" data-id=\"8b739f9\" data-element_type=\"container\" data-e-type=\"container\" data-settings=\"{&quot;background_background&quot;:&quot;classic&quot;,&quot;jet_parallax_layout_list&quot;:[]}\">\n\t\t\t\t<\/div>\n\t\t\t\t<\/div>\n\t\t\t\t<section class=\"elementor-section elementor-inner-section elementor-element elementor-element-cec2192 elementor-section-height-min-height elementor-section-boxed elementor-section-height-default\" data-id=\"cec2192\" data-element_type=\"section\" data-e-type=\"section\" data-settings=\"{&quot;jet_parallax_layout_list&quot;:[]}\">\n\t\t\t\t\t\t<div class=\"elementor-container elementor-column-gap-default\">\n\t\t\t\t\t<div class=\"elementor-column elementor-col-100 elementor-inner-column elementor-element elementor-element-70e92e8 animated-slow elementor-invisible\" data-id=\"70e92e8\" data-element_type=\"column\" data-e-type=\"column\" data-settings=\"{&quot;background_background&quot;:&quot;classic&quot;,&quot;animation&quot;:&quot;slideInDown&quot;,&quot;animation_delay&quot;:200}\">\n\t\t\t<div class=\"elementor-widget-wrap elementor-element-populated\">\n\t\t\t\t\t\t<div class=\"elementor-element elementor-element-f0e8991 elementor-widget elementor-widget-heading\" data-id=\"f0e8991\" data-element_type=\"widget\" data-e-type=\"widget\" data-widget_type=\"heading.default\">\n\t\t\t\t<div class=\"elementor-widget-container\">\n\t\t\t\t\t<h5 class=\"elementor-heading-title elementor-size-default\">PRESIDENTE<\/h5>\t\t\t\t<\/div>\n\t\t\t\t<\/div>\n\t\t\t\t<div class=\"elementor-element elementor-element-f45b14d elementor-widget elementor-widget-heading\" data-id=\"f45b14d\" data-element_type=\"widget\" data-e-type=\"widget\" data-widget_type=\"heading.default\">\n\t\t\t\t<div class=\"elementor-widget-container\">\n\t\t\t\t\t<h2 class=\"elementor-heading-title elementor-size-default\">ASICIB<\/h2>\t\t\t\t<\/div>\n\t\t\t\t<\/div>\n\t\t\t\t<div class=\"elementor-element elementor-element-e117863 elementor-widget elementor-widget-heading\" data-id=\"e117863\" data-element_type=\"widget\" data-e-type=\"widget\" data-widget_type=\"heading.default\">\n\t\t\t\t<div class=\"elementor-widget-container\">\n\t\t\t\t\t<h5 class=\"elementor-heading-title elementor-size-default\">Editore del giornale dell'Isola<\/h5>\t\t\t\t<\/div>\n\t\t\t\t<\/div>\n\t\t\t\t\t<\/div>\n\t\t<\/div>\n\t\t\t\t\t<\/div>\n\t\t<\/section>\n\t\t\t\t\t<\/div>\n\t\t<\/div>\n\t\t\t\t<div class=\"elementor-column elementor-col-50 elementor-top-column elementor-element elementor-element-02c7405\" data-id=\"02c7405\" data-element_type=\"column\" data-e-type=\"column\">\n\t\t\t<div class=\"elementor-widget-wrap elementor-element-populated\">\n\t\t\t\t\t\t<section class=\"elementor-section elementor-inner-section elementor-element elementor-element-576ec58 elementor-section-full_width elementor-section-height-min-height elementor-section-height-default\" data-id=\"576ec58\" data-element_type=\"section\" data-e-type=\"section\" data-settings=\"{&quot;jet_parallax_layout_list&quot;:[]}\">\n\t\t\t\t\t\t<div class=\"elementor-container elementor-column-gap-default\">\n\t\t\t\t\t<div class=\"elementor-column elementor-col-100 elementor-inner-column elementor-element elementor-element-3f0978c animated-slow elementor-invisible\" data-id=\"3f0978c\" data-element_type=\"column\" data-e-type=\"column\" data-settings=\"{&quot;background_background&quot;:&quot;classic&quot;,&quot;animation&quot;:&quot;slideInRight&quot;,&quot;animation_delay&quot;:100}\">\n\t\t\t<div class=\"elementor-widget-wrap elementor-element-populated\">\n\t\t\t\t\t\t<div class=\"elementor-element elementor-element-7566e3e elementor-widget elementor-widget-heading\" data-id=\"7566e3e\" data-element_type=\"widget\" data-e-type=\"widget\" data-widget_type=\"heading.default\">\n\t\t\t\t<div class=\"elementor-widget-container\">\n\t\t\t\t\t<h5 class=\"elementor-heading-title elementor-size-default\">PRESIDENTE<\/h5>\t\t\t\t<\/div>\n\t\t\t\t<\/div>\n\t\t\t\t<div class=\"elementor-element elementor-element-ff8ede9 elementor-widget elementor-widget-heading\" data-id=\"ff8ede9\" data-element_type=\"widget\" data-e-type=\"widget\" data-widget_type=\"heading.default\">\n\t\t\t\t<div class=\"elementor-widget-container\">\n\t\t\t\t\t<h2 class=\"elementor-heading-title elementor-size-default\">RITROVARSI SUL CAMMINO<\/h2>\t\t\t\t<\/div>\n\t\t\t\t<\/div>\n\t\t\t\t<div class=\"elementor-element elementor-element-be58999 elementor-widget elementor-widget-heading\" data-id=\"be58999\" data-element_type=\"widget\" data-e-type=\"widget\" data-widget_type=\"heading.default\">\n\t\t\t\t<div class=\"elementor-widget-container\">\n\t\t\t\t\t<h5 class=\"elementor-heading-title elementor-size-default\">L'associazione \u00e8 volta a trasmettere ad altri l'importanza del Cammino e condividere il percorso con chi, da solo, non pu\u00f2 intraprendere il viaggio.<\/h5>\t\t\t\t<\/div>\n\t\t\t\t<\/div>\n\t\t\t\t<div class=\"elementor-element elementor-element-402d590 elementor-align-left elementor-widget elementor-widget-button\" data-id=\"402d590\" data-element_type=\"widget\" data-e-type=\"widget\" data-widget_type=\"button.default\">\n\t\t\t\t<div class=\"elementor-widget-container\">\n\t\t\t\t\t\t\t\t\t<div class=\"elementor-button-wrapper\">\n\t\t\t\t\t<a class=\"elementor-button elementor-button-link elementor-size-sm\" href=\"https:\/\/www.ritrovarsisulcammino.org\/sito\/\">\n\t\t\t\t\t\t<span class=\"elementor-button-content-wrapper\">\n\t\t\t\t\t\t\t\t\t<span class=\"elementor-button-text\">Approfondisci<\/span>\n\t\t\t\t\t<\/span>\n\t\t\t\t\t<\/a>\n\t\t\t\t<\/div>\n\t\t\t\t\t\t\t\t<\/div>\n\t\t\t\t<\/div>\n\t\t\t\t\t<\/div>\n\t\t<\/div>\n\t\t\t\t\t<\/div>\n\t\t<\/section>\n\t\t\t\t<section class=\"elementor-section elementor-inner-section elementor-element elementor-element-79b1db1 elementor-section-full_width elementor-section-height-min-height elementor-section-height-default\" data-id=\"79b1db1\" data-element_type=\"section\" data-e-type=\"section\" data-settings=\"{&quot;jet_parallax_layout_list&quot;:[]}\">\n\t\t\t\t\t\t<div class=\"elementor-container elementor-column-gap-default\">\n\t\t\t\t\t<div class=\"elementor-column elementor-col-100 elementor-inner-column elementor-element elementor-element-772bac7 animated-slow elementor-invisible\" data-id=\"772bac7\" data-element_type=\"column\" data-e-type=\"column\" data-settings=\"{&quot;background_background&quot;:&quot;classic&quot;,&quot;animation&quot;:&quot;slideInUp&quot;,&quot;animation_delay&quot;:300}\">\n\t\t\t<div class=\"elementor-widget-wrap elementor-element-populated\">\n\t\t\t\t\t\t<div class=\"elementor-element elementor-element-d761d9a elementor-widget elementor-widget-heading\" data-id=\"d761d9a\" data-element_type=\"widget\" data-e-type=\"widget\" data-widget_type=\"heading.default\">\n\t\t\t\t<div class=\"elementor-widget-container\">\n\t\t\t\t\t<h5 class=\"elementor-heading-title elementor-size-default\">COMPONENTE<\/h5>\t\t\t\t<\/div>\n\t\t\t\t<\/div>\n\t\t\t\t<div class=\"elementor-element elementor-element-8ae893c elementor-widget elementor-widget-heading\" data-id=\"8ae893c\" data-element_type=\"widget\" data-e-type=\"widget\" data-widget_type=\"heading.default\">\n\t\t\t\t<div class=\"elementor-widget-container\">\n\t\t\t\t\t<h2 class=\"elementor-heading-title elementor-size-default\">ITALIA MIGLIORE<\/h2>\t\t\t\t<\/div>\n\t\t\t\t<\/div>\n\t\t\t\t<div class=\"elementor-element elementor-element-71e89a7 elementor-widget elementor-widget-heading\" data-id=\"71e89a7\" data-element_type=\"widget\" data-e-type=\"widget\" data-widget_type=\"heading.default\">\n\t\t\t\t<div class=\"elementor-widget-container\">\n\t\t\t\t\t<h5 class=\"elementor-heading-title elementor-size-default\">Componente del Consiglio direttivo di Italia Migliore <\/h5>\t\t\t\t<\/div>\n\t\t\t\t<\/div>\n\t\t\t\t<div class=\"elementor-element elementor-element-0c275db elementor-align-left elementor-widget elementor-widget-button\" data-id=\"0c275db\" data-element_type=\"widget\" data-e-type=\"widget\" data-widget_type=\"button.default\">\n\t\t\t\t<div class=\"elementor-widget-container\">\n\t\t\t\t\t\t\t\t\t<div class=\"elementor-button-wrapper\">\n\t\t\t\t\t<a class=\"elementor-button elementor-button-link elementor-size-sm\" href=\"https:\/\/www.lombardiamigliore.it\/\">\n\t\t\t\t\t\t<span class=\"elementor-button-content-wrapper\">\n\t\t\t\t\t\t\t\t\t<span class=\"elementor-button-text\">Approfondisci<\/span>\n\t\t\t\t\t<\/span>\n\t\t\t\t\t<\/a>\n\t\t\t\t<\/div>\n\t\t\t\t\t\t\t\t<\/div>\n\t\t\t\t<\/div>\n\t\t\t\t\t<\/div>\n\t\t<\/div>\n\t\t\t\t\t<\/div>\n\t\t<\/section>\n\t\t\t\t\t<\/div>\n\t\t<\/div>\n\t\t\t\t\t<\/div>\n\t\t<\/section>\n\t\t\t\t<\/div>\n\t\t","protected":false},"excerpt":{"rendered":"<p>Chi sono La mia carriera politica e professionale \u00e8 stata caratterizzata da un forte impegno e da una continua crescita. Fin dall&#8217;et\u00e0 di 15 anni, la mia passione per la politica si \u00e8 intrecciata con esperienze personali, sportive, lavorative e associative, che hanno contribuito a plasmare la mia visione e il mio impegno. Da Novembre [&hellip;]<\/p>\n","protected":false},"author":16,"featured_media":0,"parent":0,"menu_order":0,"comment_status":"closed","ping_status":"closed","template":"full-width.php","meta":{"_acf_changed":false,"footnotes":""},"class_list":["post-1469","page","type-page","status-publish","hentry"],"acf":[],"yoast_head":"<!-- This site is optimized with the Yoast SEO plugin v27.4 - https:\/\/yoast.com\/product\/yoast-seo-wordpress\/ -->\n<title>Ivan Rota<\/title>\n<meta name=\"description\" content=\"Do you need a modern style and professional-looking website for your firm to grow your business? In that case, Jupiter X WP Theme\u2019s Law Firm website template is all you need.\" \/>\n<meta name=\"robots\" content=\"index, follow, max-snippet:-1, max-image-preview:large, max-video-preview:-1\" \/>\n<link rel=\"canonical\" href=\"https:\/\/www.ivanrota.it\/cms\/chi-sono\/\" \/>\n<meta property=\"og:locale\" content=\"it_IT\" \/>\n<meta property=\"og:type\" content=\"article\" \/>\n<meta property=\"og:title\" content=\"Ivan Rota\" \/>\n<meta property=\"og:description\" content=\"Do you need a modern style and professional-looking website for your firm to grow your business? In that case, Jupiter X WP Theme\u2019s Law Firm website template is all you need.\" \/>\n<meta property=\"og:url\" content=\"https:\/\/www.ivanrota.it\/cms\/chi-sono\/\" \/>\n<meta property=\"og:site_name\" content=\"Ivan Rota\" \/>\n<meta property=\"article:modified_time\" content=\"2026-03-25T14:19:33+00:00\" \/>\n<meta property=\"og:image\" content=\"https:\/\/www.ivanrota.it\/cms\/wp-content\/uploads\/2026\/02\/20251103_Ivan-Rota-2-e1770809205239-1024x934.png\" \/>\n\t<meta property=\"og:image:width\" content=\"1024\" \/>\n\t<meta property=\"og:image:height\" content=\"934\" \/>\n\t<meta property=\"og:image:type\" content=\"image\/png\" \/>\n<meta name=\"twitter:card\" content=\"summary_large_image\" \/>\n<meta name=\"twitter:label1\" content=\"Tempo di lettura stimato\" \/>\n\t<meta name=\"twitter:data1\" content=\"4 minuti\" \/>\n<script type=\"application\/ld+json\" class=\"yoast-schema-graph\">{\"@context\":\"https:\\\/\\\/schema.org\",\"@graph\":[{\"@type\":\"WebPage\",\"@id\":\"https:\\\/\\\/www.ivanrota.it\\\/cms\\\/chi-sono\\\/\",\"url\":\"https:\\\/\\\/www.ivanrota.it\\\/cms\\\/chi-sono\\\/\",\"name\":\"Ivan Rota\",\"isPartOf\":{\"@id\":\"https:\\\/\\\/www.ivanrota.it\\\/cms\\\/#website\"},\"primaryImageOfPage\":{\"@id\":\"https:\\\/\\\/www.ivanrota.it\\\/cms\\\/chi-sono\\\/#primaryimage\"},\"image\":{\"@id\":\"https:\\\/\\\/www.ivanrota.it\\\/cms\\\/chi-sono\\\/#primaryimage\"},\"thumbnailUrl\":\"https:\\\/\\\/www.ivanrota.it\\\/cms\\\/wp-content\\\/uploads\\\/2026\\\/02\\\/20251103_Ivan-Rota-2-e1770809205239-1024x934.png\",\"datePublished\":\"2026-03-04T09:11:57+00:00\",\"dateModified\":\"2026-03-25T14:19:33+00:00\",\"description\":\"Do you need a modern style and professional-looking website for your firm to grow your business? In that case, Jupiter X WP Theme\u2019s Law Firm website template is all you need.\",\"breadcrumb\":{\"@id\":\"https:\\\/\\\/www.ivanrota.it\\\/cms\\\/chi-sono\\\/#breadcrumb\"},\"inLanguage\":\"it-IT\",\"potentialAction\":[{\"@type\":\"ReadAction\",\"target\":[\"https:\\\/\\\/www.ivanrota.it\\\/cms\\\/chi-sono\\\/\"]}]},{\"@type\":\"ImageObject\",\"inLanguage\":\"it-IT\",\"@id\":\"https:\\\/\\\/www.ivanrota.it\\\/cms\\\/chi-sono\\\/#primaryimage\",\"url\":\"https:\\\/\\\/www.ivanrota.it\\\/cms\\\/wp-content\\\/uploads\\\/2026\\\/02\\\/20251103_Ivan-Rota-2-e1770809205239.png\",\"contentUrl\":\"https:\\\/\\\/www.ivanrota.it\\\/cms\\\/wp-content\\\/uploads\\\/2026\\\/02\\\/20251103_Ivan-Rota-2-e1770809205239.png\",\"width\":1667,\"height\":1520},{\"@type\":\"BreadcrumbList\",\"@id\":\"https:\\\/\\\/www.ivanrota.it\\\/cms\\\/chi-sono\\\/#breadcrumb\",\"itemListElement\":[{\"@type\":\"ListItem\",\"position\":1,\"name\":\"Home\",\"item\":\"https:\\\/\\\/www.ivanrota.it\\\/cms\\\/\"},{\"@type\":\"ListItem\",\"position\":2,\"name\":\"Chi sono\"}]},{\"@type\":\"WebSite\",\"@id\":\"https:\\\/\\\/www.ivanrota.it\\\/cms\\\/#website\",\"url\":\"https:\\\/\\\/www.ivanrota.it\\\/cms\\\/\",\"name\":\"Ivan Rota\",\"description\":\"Consigliere di Regione Lombardia\",\"potentialAction\":[{\"@type\":\"SearchAction\",\"target\":{\"@type\":\"EntryPoint\",\"urlTemplate\":\"https:\\\/\\\/www.ivanrota.it\\\/cms\\\/?s={search_term_string}\"},\"query-input\":{\"@type\":\"PropertyValueSpecification\",\"valueRequired\":true,\"valueName\":\"search_term_string\"}}],\"inLanguage\":\"it-IT\"}]}<\/script>\n<!-- \/ Yoast SEO plugin. -->","yoast_head_json":{"title":"Ivan Rota","description":"Do you need a modern style and professional-looking website for your firm to grow your business? In that case, Jupiter X WP Theme\u2019s Law Firm website template is all you need.","robots":{"index":"index","follow":"follow","max-snippet":"max-snippet:-1","max-image-preview":"max-image-preview:large","max-video-preview":"max-video-preview:-1"},"canonical":"https:\/\/www.ivanrota.it\/cms\/chi-sono\/","og_locale":"it_IT","og_type":"article","og_title":"Ivan Rota","og_description":"Do you need a modern style and professional-looking website for your firm to grow your business? In that case, Jupiter X WP Theme\u2019s Law Firm website template is all you need.","og_url":"https:\/\/www.ivanrota.it\/cms\/chi-sono\/","og_site_name":"Ivan Rota","article_modified_time":"2026-03-25T14:19:33+00:00","og_image":[{"width":1024,"height":934,"url":"https:\/\/www.ivanrota.it\/cms\/wp-content\/uploads\/2026\/02\/20251103_Ivan-Rota-2-e1770809205239-1024x934.png","type":"image\/png"}],"twitter_card":"summary_large_image","twitter_misc":{"Tempo di lettura stimato":"4 minuti"},"schema":{"@context":"https:\/\/schema.org","@graph":[{"@type":"WebPage","@id":"https:\/\/www.ivanrota.it\/cms\/chi-sono\/","url":"https:\/\/www.ivanrota.it\/cms\/chi-sono\/","name":"Ivan Rota","isPartOf":{"@id":"https:\/\/www.ivanrota.it\/cms\/#website"},"primaryImageOfPage":{"@id":"https:\/\/www.ivanrota.it\/cms\/chi-sono\/#primaryimage"},"image":{"@id":"https:\/\/www.ivanrota.it\/cms\/chi-sono\/#primaryimage"},"thumbnailUrl":"https:\/\/www.ivanrota.it\/cms\/wp-content\/uploads\/2026\/02\/20251103_Ivan-Rota-2-e1770809205239-1024x934.png","datePublished":"2026-03-04T09:11:57+00:00","dateModified":"2026-03-25T14:19:33+00:00","description":"Do you need a modern style and professional-looking website for your firm to grow your business? In that case, Jupiter X WP Theme\u2019s Law Firm website template is all you need.","breadcrumb":{"@id":"https:\/\/www.ivanrota.it\/cms\/chi-sono\/#breadcrumb"},"inLanguage":"it-IT","potentialAction":[{"@type":"ReadAction","target":["https:\/\/www.ivanrota.it\/cms\/chi-sono\/"]}]},{"@type":"ImageObject","inLanguage":"it-IT","@id":"https:\/\/www.ivanrota.it\/cms\/chi-sono\/#primaryimage","url":"https:\/\/www.ivanrota.it\/cms\/wp-content\/uploads\/2026\/02\/20251103_Ivan-Rota-2-e1770809205239.png","contentUrl":"https:\/\/www.ivanrota.it\/cms\/wp-content\/uploads\/2026\/02\/20251103_Ivan-Rota-2-e1770809205239.png","width":1667,"height":1520},{"@type":"BreadcrumbList","@id":"https:\/\/www.ivanrota.it\/cms\/chi-sono\/#breadcrumb","itemListElement":[{"@type":"ListItem","position":1,"name":"Home","item":"https:\/\/www.ivanrota.it\/cms\/"},{"@type":"ListItem","position":2,"name":"Chi sono"}]},{"@type":"WebSite","@id":"https:\/\/www.ivanrota.it\/cms\/#website","url":"https:\/\/www.ivanrota.it\/cms\/","name":"Ivan Rota","description":"Consigliere di Regione Lombardia","potentialAction":[{"@type":"SearchAction","target":{"@type":"EntryPoint","urlTemplate":"https:\/\/www.ivanrota.it\/cms\/?s={search_term_string}"},"query-input":{"@type":"PropertyValueSpecification","valueRequired":true,"valueName":"search_term_string"}}],"inLanguage":"it-IT"}]}},"_links":{"self":[{"href":"https:\/\/www.ivanrota.it\/cms\/wp-json\/wp\/v2\/pages\/1469","targetHints":{"allow":["GET"]}}],"collection":[{"href":"https:\/\/www.ivanrota.it\/cms\/wp-json\/wp\/v2\/pages"}],"about":[{"href":"https:\/\/www.ivanrota.it\/cms\/wp-json\/wp\/v2\/types\/page"}],"author":[{"embeddable":true,"href":"https:\/\/www.ivanrota.it\/cms\/wp-json\/wp\/v2\/users\/16"}],"replies":[{"embeddable":true,"href":"https:\/\/www.ivanrota.it\/cms\/wp-json\/wp\/v2\/comments?post=1469"}],"version-history":[{"count":2,"href":"https:\/\/www.ivanrota.it\/cms\/wp-json\/wp\/v2\/pages\/1469\/revisions"}],"predecessor-version":[{"id":2003,"href":"https:\/\/www.ivanrota.it\/cms\/wp-json\/wp\/v2\/pages\/1469\/revisions\/2003"}],"wp:attachment":[{"href":"https:\/\/www.ivanrota.it\/cms\/wp-json\/wp\/v2\/media?parent=1469"}],"curies":[{"name":"wp","href":"https:\/\/api.w.org\/{rel}","templated":true}]}}